{"id":7159,"date":"2026-08-24T17:31:33","date_gmt":"2026-08-24T15:31:33","guid":{"rendered":"https:\/\/lacanibal.com\/?post_type=product&#038;p=7159"},"modified":"2026-08-25T10:27:23","modified_gmt":"2026-08-25T08:27:23","slug":"presentacion-nueva-cerveza-la-canibal-maina","status":"publish","type":"product","link":"https:\/\/lacanibal.com\/en\/product\/presentacion-nueva-cerveza-la-canibal-maina\/","title":{"rendered":"Presentaci\u00f3n nueva cerveza La Can\u00edbal"},"content":{"rendered":"<div class=\"wpb-content-wrapper\"><div data-parent=\"true\" class=\"vc_row row-container\" id=\"row-unique-0\"><div class=\"row limit-width row-parent\"><div class=\"wpb_row row-inner\"><div class=\"wpb_column pos-top pos-center align_left column_parent col-lg-12 single-internal-gutter\"><div class=\"uncol style-light\"  ><div class=\"uncoltable\"><div class=\"uncell no-block-padding\" ><div class=\"uncont\" ><div class=\"vc_custom_heading_wrap\"><div class=\"heading-text el-text\" ><h2 class=\"h3 badge-style unradius-std style-gris-fabrica-bg\" ><span>D\u00f3nde: La F\u00e1brica &#8211; Juli\u00e1n Camarillo 19<\/span><\/h2><\/div><div class=\"clear\"><\/div><\/div><div class=\"vc_custom_heading_wrap\"><div class=\"heading-text el-text\" ><h2 class=\"h3 text-color-xsdn-color badge-style unradius-std style-amarillo-griferia-bg\" ><span>914 402 395<\/span><\/h2><\/div><div class=\"clear\"><\/div><\/div><div class=\"uncode_text_column\" ><\/p>\n<h2 class=\"isSelectedEnd\">\ud83c\udf7b <strong>Se viene MA\u00cdNA: estreno \u00edntimo de nuestra nueva cerveza<\/strong> \ud83c\udf7b<\/h2>\n<p class=\"isSelectedEnd\">30 plazas.<br \/>\nNuestro maestro cervecero.<br \/>\nY una pinta hecha para beber con calma, malta, frescor y mucho trago largo.<\/p>\n<p class=\"isSelectedEnd\">\ud83d\udcc6 Jueves 10\/09\/26<br \/>\n\ud83d\udd62 A las 19:30h<br \/>\n\ud83d\udccd <a class=\"cursor-init\" href=\"https:\/\/share.google\/LSz2nxZrjY05rVeIO\">Juli\u00e1n Camarillo, 19 \u2013 La Can\u00edbal (F\u00e1brica de cerveza)<\/a><\/p>\n<p class=\"isSelectedEnd\">Hay cervezas que se lanzan.<br \/>\nY otras que se presentan en <strong>petit comit\u00e9.<\/strong><\/p>\n<p class=\"isSelectedEnd\">MA\u00cdNA es una Vienna Lager elaborada en colaboraci\u00f3n con <strong>Castre\u00f1a Brewing.<\/strong> Una cerveza de inspiraci\u00f3n cl\u00e1sica, maltosa, limpia y muy bebestible, pensada para quienes disfrutan de los estilos con historia, equilibrio y car\u00e1cter.<\/p>\n<p class=\"isSelectedEnd\">Antes de que empiece a sonar en los grifos del barrio, queremos que la pruebes t\u00fa primero.<\/p>\n<p class=\"isSelectedEnd\">Abrimos la f\u00e1brica para solo 30 personas en un pase privado, a puerta cerrada, para descubrir la nueva referencia de La Can\u00edbal desde dentro.<\/p>\n<p class=\"isSelectedEnd\"><strong>\u00bfQu\u00e9 vas a vivir por 5 \u20ac?<\/strong><\/p>\n<p>\ud83c\udf7a Pinta de <strong>Ma\u00edna<\/strong><br \/>\nSer de los primeros 30 en probar MA\u00cdNA reci\u00e9n pinchada.<\/p>\n<p class=\"isSelectedEnd\">\ud83c\udfed Inmersi\u00f3n en f\u00e1brica<br \/>\nNuestro maestro cervecero te contar\u00e1 los ingredientes, el proceso y todo lo que hay detr\u00e1s de esta Vienna Lager.<\/p>\n<p class=\"isSelectedEnd\">\ud83e\udd1d Cerveza en colaboraci\u00f3n<br \/>\nTe contaremos c\u00f3mo nace esta colaboraci\u00f3n con <a href=\"https:\/\/cervezacastrena.com\/\"><strong>Castre\u00f1a Brewing<\/strong> <\/a>y qu\u00e9 busc\u00e1bamos al elaborar una birra como esta<\/p>\n<p class=\"isSelectedEnd\">\ud83d\udcc6 Jueves 10\/09\/26<br \/>\n\ud83d\udd62 19:30h<br \/>\n\ud83d\udccd<a class=\"cursor-init\" href=\"https:\/\/share.google\/LSz2nxZrjY05rVeIO\">Juli\u00e1n Camarillo, 19 \u2013 La Can\u00edbal (F\u00e1brica de cerveza)<\/a><\/p>\n<p class=\"isSelectedEnd\">\ud83c\udf7d\ufe0f <strong>Aseg\u00farate mesa y reserva para cenar despu\u00e9s del evento, tendr\u00e1s un 10% de descuento en la cuenta:<\/strong> accede a nuestra <strong><a href=\"https:\/\/lacanibal.com\/la-fabrica\/#fabrica\" target=\"_blank\" rel=\"noopener\">web<\/a><\/strong><\/p>\n<p>\u26a0\ufe0f <strong>Plazas muy limitadas<\/strong><br \/>\n\ud83d\udce9 Dudas: <a href=\"mailto:fabrica@lacanibal.com\">fabrica@lacanibal.com<\/a><\/p>\n<p>\n<\/div><\/div><\/div><\/div><\/div><\/div><script id=\"script-row-unique-0\" data-row=\"script-row-unique-0\" type=\"text\/javascript\" class=\"vc_controls\">UNCODE.initRow(document.getElementById(\"row-unique-0\"));<\/script><\/div><\/div><\/div>\n<\/div>","protected":false},"excerpt":{"rendered":"D\u00f3nde: La F\u00e1brica - Juli\u00e1n Camarillo 19914 402 395\ud83c\udf7b Se viene MA\u00cdNA: estreno \u00edntimo de nuestra nueva cerveza \ud83c\udf7b 30 [...]","protected":false},"featured_media":7167,"template":"","meta":{"rs_blank_template":"","rs_page_bg_color":"","slide_template_v7":""},"product_brand":[],"product_cat":[20],"product_tag":[],"class_list":["post-7159","product","type-product","status-publish","has-post-thumbnail","product_cat-la-fabrica","pa_completa-tu-experiencia-monologo","first","instock","virtual","taxable","purchasable","product-type-simple"],"yoast_head":"<!-- This site is optimized with the Yoast SEO plugin v28.3 - https:\/\/yoast.com\/product\/yoast-seo-wordpress\/ -->\n<title>Presentaci\u00f3n nueva cerveza La Can\u00edbal | La Can\u00edbal<\/title>\n<meta name=\"description\" content=\"Descubre MA\u00cdNA, la nueva Vienna Lager de La Can\u00edbal. Estreno exclusivo en f\u00e1brica el 10 de septiembre de 2026 en Madrid. Plazas limitadas\" \/>\n<meta name=\"robots\" content=\"index, follow, max-snippet:-1, max-image-preview:large, max-video-preview:-1\" \/>\n<link rel=\"canonical\" href=\"https:\/\/lacanibal.com\/en\/product\/presentacion-nueva-cerveza-la-canibal-maina\/\" \/>\n<meta property=\"og:locale\" content=\"en_GB\" \/>\n<meta property=\"og:type\" content=\"article\" \/>\n<meta property=\"og:title\" content=\"Presentaci\u00f3n nueva cerveza La Can\u00edbal | La Can\u00edbal\" \/>\n<meta property=\"og:description\" content=\"Descubre MA\u00cdNA, la nueva Vienna Lager de La Can\u00edbal. Estreno exclusivo en f\u00e1brica el 10 de septiembre de 2026 en Madrid. Plazas limitadas\" \/>\n<meta property=\"og:url\" content=\"https:\/\/lacanibal.com\/en\/product\/presentacion-nueva-cerveza-la-canibal-maina\/\" \/>\n<meta property=\"og:site_name\" content=\"La Can\u00edbal\" \/>\n<meta property=\"article:publisher\" content=\"https:\/\/www.facebook.com\/lacanibalvinos\" \/>\n<meta property=\"article:modified_time\" content=\"2026-08-25T08:27:23+00:00\" \/>\n<meta property=\"og:image\" content=\"https:\/\/lacanibal.com\/wp-content\/uploads\/2026\/08\/Cata-presentacion-movida-2-scaled-e1787644791255.jpg\" \/>\n\t<meta property=\"og:image:width\" content=\"1500\" \/>\n\t<meta property=\"og:image:height\" content=\"1500\" \/>\n\t<meta property=\"og:image:type\" content=\"image\/jpeg\" \/>\n<meta name=\"twitter:card\" content=\"summary_large_image\" \/>\n<meta name=\"twitter:label1\" content=\"Estimated reading time\" \/>\n\t<meta name=\"twitter:data1\" content=\"2 minutes\" \/>\n<script type=\"application\/ld+json\" class=\"yoast-schema-graph\">{\"@context\":\"https:\\\/\\\/schema.org\",\"@graph\":[{\"@type\":\"WebPage\",\"@id\":\"https:\\\/\\\/lacanibal.com\\\/producto\\\/presentacion-nueva-cerveza-la-canibal-maina\\\/\",\"url\":\"https:\\\/\\\/lacanibal.com\\\/producto\\\/presentacion-nueva-cerveza-la-canibal-maina\\\/\",\"name\":\"Presentaci\u00f3n nueva cerveza La Can\u00edbal | La Can\u00edbal\",\"isPartOf\":{\"@id\":\"https:\\\/\\\/lacanibal.com\\\/#website\"},\"primaryImageOfPage\":{\"@id\":\"https:\\\/\\\/lacanibal.com\\\/producto\\\/presentacion-nueva-cerveza-la-canibal-maina\\\/#primaryimage\"},\"image\":{\"@id\":\"https:\\\/\\\/lacanibal.com\\\/producto\\\/presentacion-nueva-cerveza-la-canibal-maina\\\/#primaryimage\"},\"thumbnailUrl\":\"https:\\\/\\\/lacanibal.com\\\/wp-content\\\/uploads\\\/2026\\\/08\\\/Cata-presentacion-movida-2-scaled-e1787644791255.jpg\",\"datePublished\":\"2026-08-24T15:31:33+00:00\",\"dateModified\":\"2026-08-25T08:27:23+00:00\",\"description\":\"Descubre MA\u00cdNA, la nueva Vienna Lager de La Can\u00edbal. Estreno exclusivo en f\u00e1brica el 10 de septiembre de 2026 en Madrid. Plazas limitadas\",\"breadcrumb\":{\"@id\":\"https:\\\/\\\/lacanibal.com\\\/producto\\\/presentacion-nueva-cerveza-la-canibal-maina\\\/#breadcrumb\"},\"inLanguage\":\"en-GB\",\"potentialAction\":[{\"@type\":\"ReadAction\",\"target\":[\"https:\\\/\\\/lacanibal.com\\\/producto\\\/presentacion-nueva-cerveza-la-canibal-maina\\\/\"]}]},{\"@type\":\"ImageObject\",\"inLanguage\":\"en-GB\",\"@id\":\"https:\\\/\\\/lacanibal.com\\\/producto\\\/presentacion-nueva-cerveza-la-canibal-maina\\\/#primaryimage\",\"url\":\"https:\\\/\\\/lacanibal.com\\\/wp-content\\\/uploads\\\/2026\\\/08\\\/Cata-presentacion-movida-2-scaled-e1787644791255.jpg\",\"contentUrl\":\"https:\\\/\\\/lacanibal.com\\\/wp-content\\\/uploads\\\/2026\\\/08\\\/Cata-presentacion-movida-2-scaled-e1787644791255.jpg\",\"width\":1500,\"height\":1500},{\"@type\":\"BreadcrumbList\",\"@id\":\"https:\\\/\\\/lacanibal.com\\\/producto\\\/presentacion-nueva-cerveza-la-canibal-maina\\\/#breadcrumb\",\"itemListElement\":[{\"@type\":\"ListItem\",\"position\":1,\"name\":\"Home\",\"item\":\"https:\\\/\\\/lacanibal.com\\\/\"},{\"@type\":\"ListItem\",\"position\":2,\"name\":\"Eventos en La Can\u00edbal\",\"item\":\"https:\\\/\\\/lacanibal.com\\\/eventos\\\/\"},{\"@type\":\"ListItem\",\"position\":3,\"name\":\"Presentaci\u00f3n nueva cerveza La Can\u00edbal\"}]},{\"@type\":\"WebSite\",\"@id\":\"https:\\\/\\\/lacanibal.com\\\/#website\",\"url\":\"https:\\\/\\\/lacanibal.com\\\/\",\"name\":\"La Canibal\",\"description\":\"Cervezas, vinos, gastronom\u00eda y experiencias en Madrid\",\"publisher\":{\"@id\":\"https:\\\/\\\/lacanibal.com\\\/#organization\"},\"potentialAction\":[{\"@type\":\"SearchAction\",\"target\":{\"@type\":\"EntryPoint\",\"urlTemplate\":\"https:\\\/\\\/lacanibal.com\\\/?s={search_term_string}\"},\"query-input\":{\"@type\":\"PropertyValueSpecification\",\"valueRequired\":true,\"valueName\":\"search_term_string\"}}],\"inLanguage\":\"en-GB\"},{\"@type\":\"Organization\",\"@id\":\"https:\\\/\\\/lacanibal.com\\\/#organization\",\"name\":\"La Canibal\",\"url\":\"https:\\\/\\\/lacanibal.com\\\/\",\"logo\":{\"@type\":\"ImageObject\",\"inLanguage\":\"en-GB\",\"@id\":\"https:\\\/\\\/lacanibal.com\\\/#\\\/schema\\\/logo\\\/image\\\/\",\"url\":\"https:\\\/\\\/lacanibal.com\\\/wp-content\\\/uploads\\\/2023\\\/11\\\/head-email.png\",\"contentUrl\":\"https:\\\/\\\/lacanibal.com\\\/wp-content\\\/uploads\\\/2023\\\/11\\\/head-email.png\",\"width\":1000,\"height\":499,\"caption\":\"La Canibal\"},\"image\":{\"@id\":\"https:\\\/\\\/lacanibal.com\\\/#\\\/schema\\\/logo\\\/image\\\/\"},\"sameAs\":[\"https:\\\/\\\/www.facebook.com\\\/lacanibalvinos\",\"https:\\\/\\\/www.youtube.com\\\/channel\\\/UCKDKKCpFZc3c5GCSB9GAJHQ\",\"https:\\\/\\\/www.instagram.com\\\/lacanibal_\\\/\"]}]}<\/script>\n<!-- \/ Yoast SEO plugin. -->","yoast_head_json":{"title":"Presentaci\u00f3n nueva cerveza La Can\u00edbal | La Can\u00edbal","description":"Descubre MA\u00cdNA, la nueva Vienna Lager de La Can\u00edbal. Estreno exclusivo en f\u00e1brica el 10 de septiembre de 2026 en Madrid. Plazas limitadas","robots":{"index":"index","follow":"follow","max-snippet":"max-snippet:-1","max-image-preview":"max-image-preview:large","max-video-preview":"max-video-preview:-1"},"canonical":"https:\/\/lacanibal.com\/en\/product\/presentacion-nueva-cerveza-la-canibal-maina\/","og_locale":"en_GB","og_type":"article","og_title":"Presentaci\u00f3n nueva cerveza La Can\u00edbal | La Can\u00edbal","og_description":"Descubre MA\u00cdNA, la nueva Vienna Lager de La Can\u00edbal. Estreno exclusivo en f\u00e1brica el 10 de septiembre de 2026 en Madrid. Plazas limitadas","og_url":"https:\/\/lacanibal.com\/en\/product\/presentacion-nueva-cerveza-la-canibal-maina\/","og_site_name":"La Can\u00edbal","article_publisher":"https:\/\/www.facebook.com\/lacanibalvinos","article_modified_time":"2026-08-25T08:27:23+00:00","og_image":[{"width":1500,"height":1500,"url":"https:\/\/lacanibal.com\/wp-content\/uploads\/2026\/08\/Cata-presentacion-movida-2-scaled-e1787644791255.jpg","type":"image\/jpeg"}],"twitter_card":"summary_large_image","twitter_misc":{"Estimated reading time":"2 minutes"},"schema":{"@context":"https:\/\/schema.org","@graph":[{"@type":"WebPage","@id":"https:\/\/lacanibal.com\/producto\/presentacion-nueva-cerveza-la-canibal-maina\/","url":"https:\/\/lacanibal.com\/producto\/presentacion-nueva-cerveza-la-canibal-maina\/","name":"Presentaci\u00f3n nueva cerveza La Can\u00edbal | La Can\u00edbal","isPartOf":{"@id":"https:\/\/lacanibal.com\/#website"},"primaryImageOfPage":{"@id":"https:\/\/lacanibal.com\/producto\/presentacion-nueva-cerveza-la-canibal-maina\/#primaryimage"},"image":{"@id":"https:\/\/lacanibal.com\/producto\/presentacion-nueva-cerveza-la-canibal-maina\/#primaryimage"},"thumbnailUrl":"https:\/\/lacanibal.com\/wp-content\/uploads\/2026\/08\/Cata-presentacion-movida-2-scaled-e1787644791255.jpg","datePublished":"2026-08-24T15:31:33+00:00","dateModified":"2026-08-25T08:27:23+00:00","description":"Descubre MA\u00cdNA, la nueva Vienna Lager de La Can\u00edbal. Estreno exclusivo en f\u00e1brica el 10 de septiembre de 2026 en Madrid. Plazas limitadas","breadcrumb":{"@id":"https:\/\/lacanibal.com\/producto\/presentacion-nueva-cerveza-la-canibal-maina\/#breadcrumb"},"inLanguage":"en-GB","potentialAction":[{"@type":"ReadAction","target":["https:\/\/lacanibal.com\/producto\/presentacion-nueva-cerveza-la-canibal-maina\/"]}]},{"@type":"ImageObject","inLanguage":"en-GB","@id":"https:\/\/lacanibal.com\/producto\/presentacion-nueva-cerveza-la-canibal-maina\/#primaryimage","url":"https:\/\/lacanibal.com\/wp-content\/uploads\/2026\/08\/Cata-presentacion-movida-2-scaled-e1787644791255.jpg","contentUrl":"https:\/\/lacanibal.com\/wp-content\/uploads\/2026\/08\/Cata-presentacion-movida-2-scaled-e1787644791255.jpg","width":1500,"height":1500},{"@type":"BreadcrumbList","@id":"https:\/\/lacanibal.com\/producto\/presentacion-nueva-cerveza-la-canibal-maina\/#breadcrumb","itemListElement":[{"@type":"ListItem","position":1,"name":"Home","item":"https:\/\/lacanibal.com\/"},{"@type":"ListItem","position":2,"name":"Eventos en La Can\u00edbal","item":"https:\/\/lacanibal.com\/eventos\/"},{"@type":"ListItem","position":3,"name":"Presentaci\u00f3n nueva cerveza La Can\u00edbal"}]},{"@type":"WebSite","@id":"https:\/\/lacanibal.com\/#website","url":"https:\/\/lacanibal.com\/","name":"La Canibal","description":"Cervezas, vinos, gastronom\u00eda y experiencias en Madrid","publisher":{"@id":"https:\/\/lacanibal.com\/#organization"},"potentialAction":[{"@type":"SearchAction","target":{"@type":"EntryPoint","urlTemplate":"https:\/\/lacanibal.com\/?s={search_term_string}"},"query-input":{"@type":"PropertyValueSpecification","valueRequired":true,"valueName":"search_term_string"}}],"inLanguage":"en-GB"},{"@type":"Organization","@id":"https:\/\/lacanibal.com\/#organization","name":"La Canibal","url":"https:\/\/lacanibal.com\/","logo":{"@type":"ImageObject","inLanguage":"en-GB","@id":"https:\/\/lacanibal.com\/#\/schema\/logo\/image\/","url":"https:\/\/lacanibal.com\/wp-content\/uploads\/2023\/11\/head-email.png","contentUrl":"https:\/\/lacanibal.com\/wp-content\/uploads\/2023\/11\/head-email.png","width":1000,"height":499,"caption":"La Canibal"},"image":{"@id":"https:\/\/lacanibal.com\/#\/schema\/logo\/image\/"},"sameAs":["https:\/\/www.facebook.com\/lacanibalvinos","https:\/\/www.youtube.com\/channel\/UCKDKKCpFZc3c5GCSB9GAJHQ","https:\/\/www.instagram.com\/lacanibal_\/"]}]}},"jetpack_sharing_enabled":true,"_links":{"self":[{"href":"https:\/\/lacanibal.com\/en\/wp-json\/wp\/v2\/product\/7159","targetHints":{"allow":["GET"]}}],"collection":[{"href":"https:\/\/lacanibal.com\/en\/wp-json\/wp\/v2\/product"}],"about":[{"href":"https:\/\/lacanibal.com\/en\/wp-json\/wp\/v2\/types\/product"}],"wp:featuredmedia":[{"embeddable":true,"href":"https:\/\/lacanibal.com\/en\/wp-json\/wp\/v2\/media\/7167"}],"wp:attachment":[{"href":"https:\/\/lacanibal.com\/en\/wp-json\/wp\/v2\/media?parent=7159"}],"wp:term":[{"taxonomy":"product_brand","embeddable":true,"href":"https:\/\/lacanibal.com\/en\/wp-json\/wp\/v2\/product_brand?post=7159"},{"taxonomy":"product_cat","embeddable":true,"href":"https:\/\/lacanibal.com\/en\/wp-json\/wp\/v2\/product_cat?post=7159"},{"taxonomy":"product_tag","embeddable":true,"href":"https:\/\/lacanibal.com\/en\/wp-json\/wp\/v2\/product_tag?post=7159"}],"curies":[{"name":"wp","href":"https:\/\/api.w.org\/{rel}","templated":true}]}}